{"id":57,"date":"2021-10-11T15:32:23","date_gmt":"2021-10-11T13:32:23","guid":{"rendered":"https:\/\/piani.eu\/new_site\/?page_id=57"},"modified":"2026-05-14T17:38:50","modified_gmt":"2026-05-14T15:38:50","slug":"azienda","status":"publish","type":"page","link":"https:\/\/piani.eu\/it\/azienda\/","title":{"rendered":"Azienda"},"content":{"rendered":"<\/div> <div class=\"block-testata\">\n\t <h1>Un sinonimo di  esperienza,  qualit\u00e0, ricerca.<\/h1>\n\t <figure><img loading=\"lazy\" decoding=\"async\" width=\"1244\" height=\"829\" src=\"https:\/\/piani.eu\/2024\/wp-content\/uploads\/2026\/02\/piani-azienda-esterni.jpg\" class=\"attachment-full size-full\" alt=\"\" srcset=\"https:\/\/piani.eu\/2024\/wp-content\/uploads\/2026\/02\/piani-azienda-esterni.jpg 1244w, https:\/\/piani.eu\/2024\/wp-content\/uploads\/2026\/02\/piani-azienda-esterni-1024x682.jpg 1024w\" sizes=\"auto, (max-width: 1244px) 100vw, 1244px\" \/><\/figure>\n <\/div>\n\t\t<div class=\"contenuto-pagina\">\n\n\n<div class=\"wp-block-columns is-layout-flex wp-container-core-columns-is-layout-8f761849 wp-block-columns-is-layout-flex\">\n<div class=\"wp-block-column is-layout-flow wp-block-column-is-layout-flow\" style=\"flex-basis:58.3%\">\n<p class=\"wp-block-paragraph\">Piani nasce da oltre 30 anni di esperienza, evoluzione e crescita. Un percorso d\u2019impresa che partendo da un territorio italiano dove la sedia \u00e8 tradizione, ha raggiunto importanti traguardi nel panorama internazionale dell\u2019arredo.<\/p>\n<\/div>\n\n\n\n<div class=\"wp-block-column is-layout-flow wp-block-column-is-layout-flow\" style=\"flex-basis:8.3334%\"><\/div>\n\n\n\n<div class=\"wp-block-column is-layout-flow wp-block-column-is-layout-flow\" style=\"flex-basis:24.25%\">\n<div class=\"wp-block-group is-vertical is-layout-flex wp-container-core-group-is-layout-4fc3f8e1 wp-block-group-is-layout-flex\">\n<div class=\"wp-block-buttons is-layout-flex wp-block-buttons-is-layout-flex\">\n<div class=\"wp-block-button\"><a class=\"wp-block-button__link wp-element-button\" href=\"https:\/\/piani.eu\/azienda\/sostenibilita\/\">Sostenibilit\u00e0: 2030<\/a><\/div>\n\n\n\n<div class=\"wp-block-button\"><a class=\"wp-block-button__link wp-element-button\" href=\"https:\/\/piani.eu\/professionisti\/certificati\/\">Certificazioni<\/a><\/div>\n<\/div>\n<\/div>\n<\/div>\n<\/div>\n\n\n\n<div style=\"height:90px\" aria-hidden=\"true\" class=\"wp-block-spacer\"><\/div>\n\n\n<\/div>\t<div class=\"story-block\" id=\"story-block_a5cc397586059b3ccd9814099c323ff2\">\n\t<div class=\"content-story\">\n\t<h2>Storia<\/h2>\n\t<div class=\"toc-story\">\n\t\t<span>1990<\/span>\t\t<span>2009<\/span>\t\t<span>2011<\/span>\t\t<span>2016<\/span>\t\t<span>2017-2018<\/span>\t\t<span>2019<\/span>\t\t<span>2021<\/span>\t\t<span>2023<\/span>\t\t<span>2030<\/span>\t<\/div>\n\t<\/div>\n\t<div class=\"story-list\">\n\t\n\t<div class=\"year-block\" id=\"year-block_2736700d7f5a0930dc3651e445c79524\">\n\t<span class=\"year-title\" data-title=\"1990\"><\/span>\n\t<div class=\"inner-text\">\n\t\n\n<div class=\"wp-block-media-text is-stacked-on-mobile\" style=\"grid-template-columns:40% auto\"><figure class=\"wp-block-media-text__media\"><img loading=\"lazy\" decoding=\"async\" width=\"286\" height=\"284\" src=\"https:\/\/piani.eu\/wp-content\/uploads\/2026\/02\/rigised-logo.jpg\" alt=\"\" class=\"wp-image-47247 size-full\"\/><\/figure><div class=\"wp-block-media-text__content\">\n<p class=\"wp-block-paragraph\">Rigised Snc is founded, specializing in chair supplies for furniture companies.<\/p>\n<\/div><\/div>\n\n\n\t<\/div>\n\t<\/div>\n\t\t\n\n\t<div class=\"year-block\" id=\"year-block_0642093692cbbc9e9b59461375d0538d\">\n\t<span class=\"year-title\" data-title=\"2009\"><\/span>\n\t<div class=\"inner-text\">\n\t\n\n<div class=\"wp-block-media-text is-stacked-on-mobile\" style=\"grid-template-columns:40% auto\"><figure class=\"wp-block-media-text__media\"><img decoding=\"async\" src=\"https:\/\/piani.eu\/wp-content\/uploads\/2024\/10\/BL5I2570-300x300.jpg\" alt=\"\" class=\"wp-image-7085 size-thumbnail\"\/><\/figure><div class=\"wp-block-media-text__content\">\n<p class=\"wp-block-paragraph\">Acquisizione del primo centro di lavoro CNC &#8220;Paolino Bacci&#8221;.<\/p>\n<\/div><\/div>\n\n\n\t<\/div>\n\t<\/div>\n\t\t\n\n\t<div class=\"year-block\" id=\"year-block_56e0cda35603af3ffc49a1c0f5bffdc3\">\n\t<span class=\"year-title\" data-title=\"2011\"><\/span>\n\t<div class=\"inner-text\">\n\t\n\n<p class=\"wp-block-paragraph\"><br>Viene presentato il primo catalogo di prodotti Rigised.<\/p>\n\n\n\t<\/div>\n\t<\/div>\n\t\t\n\n\t<div class=\"year-block\" id=\"year-block_e6111aa369bf9ec8594da92ac14d7226\">\n\t<span class=\"year-title\" data-title=\"2016\"><\/span>\n\t<div class=\"inner-text\">\n\t\n\n<p class=\"wp-block-paragraph\">Rigised Snc diventa fornitrice di una storica catena globale nel settore Ho.Re.Ca..<\/p>\n\n\n\t<\/div>\n\t<\/div>\n\t\t\n\n\t<div class=\"year-block\" id=\"year-block_3c5ff1a28b99592511f612ffef1c5553\">\n\t<span class=\"year-title\" data-title=\"2017-2018\"><\/span>\n\t<div class=\"inner-text\">\n\t\n\n<p class=\"wp-block-paragraph\">Vengono ottenute le certificazioni ISO 9001 per il Sistema Qualit\u00e0 Aziendale e FSC\u00ae per la sostenibilit\u00e0 del legno.<\/p>\n\n\n\t<\/div>\n\t<\/div>\n\t\t\n\n\t<div class=\"year-block\" id=\"year-block_7230c4f36dbb42678239f72ceaebf929\">\n\t<span class=\"year-title\" data-title=\"2019\"><\/span>\n\t<div class=\"inner-text\">\n\t\n\n<p class=\"wp-block-paragraph\">Lo stabilimento produttivo si espande, raggiungendo 7000 mq di superficie, con quattro centri CNC.<\/p>\n\n\n\t<\/div>\n\t<\/div>\n\t\t\n\n\t<div class=\"year-block\" id=\"year-block_bebaa6cdf8b0a82deca5cfe143d3b8a3\">\n\t<span class=\"year-title\" data-title=\"2021\"><\/span>\n\t<div class=\"inner-text\">\n\t\n\n<p class=\"wp-block-paragraph\">L&#8217;azienda presenta il suo nuovo brand di sedie e componenti d&#8217;arredo: \u00e8 &#8220;l&#8217;anno zero&#8221; di Piani.<\/p>\n\n\n\t<\/div>\n\t<\/div>\n\t\t\n\n\t<div class=\"year-block\" id=\"year-block_12b593d28a3635e4ca6ca6322ac6bc25\">\n\t<span class=\"year-title\" data-title=\"2023\"><\/span>\n\t<div class=\"inner-text\">\n\t\n\n<p class=\"wp-block-paragraph\">Viene ottenuta la certificazione ISO 14001 per la Gestione Ambientale.<\/p>\n\n\n\t<\/div>\n\t<\/div>\n\t\t\n\n\t<div class=\"year-block\" id=\"year-block_d5ba0e688c839ed9c601c5820cff7cd5\">\n\t<span class=\"year-title\" data-title=\"2030\"><\/span>\n\t<div class=\"inner-text\">\n\t\n\n<p class=\"wp-block-paragraph\">Piani stabilisce i traguardi da raggiungere nella riduzione delle emissioni e dell&#8217;impatto ambientale, entro questa data: il futuro \u00e8 gi\u00e0 iniziato.<\/p>\n\n\n\t<\/div>\n\t<\/div>\n\t\t\n\n\t<\/div>\n\t<\/div>\n\t\t<div class=\"contenuto-pagina\">\n\n<\/div>\t<div class=\"column-link\">\n\t\t\t\t\t\t<div class=\"col wow fadeIn\">\n\t\t\t\t\t<div class=\"ratio\">\n\t\t\t\t\t\t<figure>\n\t\t\t\t\t\t\t\t\t\t\t<img loading=\"lazy\" decoding=\"async\" width=\"1313\" height=\"876\" src=\"https:\/\/piani.eu\/2024\/wp-content\/uploads\/2026\/02\/piani-showroom.jpg\" class=\"attachment-full size-full\" alt=\"\" srcset=\"https:\/\/piani.eu\/2024\/wp-content\/uploads\/2026\/02\/piani-showroom.jpg 1313w, https:\/\/piani.eu\/2024\/wp-content\/uploads\/2026\/02\/piani-showroom-1024x683.jpg 1024w\" sizes=\"auto, (max-width: 1313px) 100vw, 1313px\" \/>\t\t\t\t\t\t\t\t\t<\/figure>\n\t\t\t\t\t<\/div>\n\t\t\t\t\t<div class=\"contenuti\">\n\t\t\t\t\t\t<h2>Valori essenziali.<\/h2>\n\t\t\t\t\t\t<div class=\"testo\"><p>Progettare e realizzare una seduta \u00e8 un lavoro complesso, nel quale entrano in gioco molteplici competenze ed esigenze. Estetica e funzionalit\u00e0, comfort e sicurezza sono i valori imprescindibili di tutti i nostri prodotti. La loro essenzialit\u00e0 corrisponde alla ricerca di una sintesi ideale, senza elementi inutili o eccessivi.<\/p>\n<\/div>\n\t\t\t\t\t\t\t\t\t\t\t<\/div>\n\t\t\t\t<\/div>\n\t\t\t\t\t\t\t<div class=\"col wow fadeIn\">\n\t\t\t\t\t<div class=\"ratio\">\n\t\t\t\t\t\t<figure>\n\t\t\t\t\t\t\t\t\t\t\t<img loading=\"lazy\" decoding=\"async\" width=\"1313\" height=\"876\" src=\"https:\/\/piani.eu\/2024\/wp-content\/uploads\/2026\/02\/piani-custom-made.jpg\" class=\"attachment-full size-full\" alt=\"\" srcset=\"https:\/\/piani.eu\/2024\/wp-content\/uploads\/2026\/02\/piani-custom-made.jpg 1313w, https:\/\/piani.eu\/2024\/wp-content\/uploads\/2026\/02\/piani-custom-made-1024x683.jpg 1024w\" sizes=\"auto, (max-width: 1313px) 100vw, 1313px\" \/>\t\t\t\t\t\t\t\t\t<\/figure>\n\t\t\t\t\t<\/div>\n\t\t\t\t\t<div class=\"contenuti\">\n\t\t\t\t\t\t<h2>Qualit\u00e0 concrete.<\/h2>\n\t\t\t\t\t\t<div class=\"testo\"><p>Nella scelta dei materiali, privilegiamo la qualit\u00e0 rispetto all\u2019apparenza: a partire dal legno, la nostra materia prima fondamentale, insieme alle imbottiture, ai tessuti e agli altri elementi. I nostri prodotti sono progettati e realizzati per durare a lungo, in ogni ambiente e situazione d\u2019uso: perci\u00f2 selezioniamo i migliori fornitori, con competenza e attenzione a ogni dettaglio.<\/p>\n<\/div>\n\t\t\t\t\t\t\t\t\t\t\t<\/div>\n\t\t\t\t<\/div>\n\t\t\t\t\t\t\t<div class=\"col wow fadeIn\">\n\t\t\t\t\t<div class=\"ratio\">\n\t\t\t\t\t\t<figure>\n\t\t\t\t\t\t\t\t\t\t\t<img loading=\"lazy\" decoding=\"async\" width=\"1030\" height=\"573\" src=\"https:\/\/piani.eu\/2024\/wp-content\/uploads\/2026\/02\/piani-servizi-e1732805033641.jpg\" class=\"attachment-full size-full\" alt=\"\" srcset=\"https:\/\/piani.eu\/2024\/wp-content\/uploads\/2026\/02\/piani-servizi-e1732805033641.jpg 1030w, https:\/\/piani.eu\/2024\/wp-content\/uploads\/2026\/02\/piani-servizi-e1732805033641-1024x570.jpg 1024w\" sizes=\"auto, (max-width: 1030px) 100vw, 1030px\" \/>\t\t\t\t\t\t\t\t\t<\/figure>\n\t\t\t\t\t<\/div>\n\t\t\t\t\t<div class=\"contenuti\">\n\t\t\t\t\t\t<h2>Servizi affidabili.<\/h2>\n\t\t\t\t\t\t<div class=\"testo\"><p>Dedichiamo ai nostri clienti tutta la nostra professionalit\u00e0, disponibilit\u00e0 all\u2019ascolto e attitudine al problem solving. Sappiamo adattarci alle esigenze del momento e prevedere quelle di domani. Diamo l\u2019opportunit\u00e0 di vedere e toccare con mano i nostri prodotti, per rendersi conto delle loro qualit\u00e0 e possibilit\u00e0 d\u2019uso. Garantiamo consegne puntuali e creiamo rapporti di fiducia che continuano nel tempo.<\/p>\n<\/div>\n\t\t\t\t\t\t\t\t\t\t\t<\/div>\n\t\t\t\t<\/div>\n\t\t\t\t<\/div>\n\n\t<div class=\"contenuto-pagina\">\n\n<\/div>\t<div class=\"contenuto-pagina\">\n\n\n<p class=\"wp-block-paragraph\"><\/p>\n","protected":false},"excerpt":{"rendered":"<p>Piani nasce da oltre 30 anni di esperienza, evoluzione e crescita. Un percorso d\u2019impresa che partendo da un territorio italiano dove la sedia \u00e8 tradizione, ha raggiunto importanti traguardi nel panorama internazionale dell\u2019arredo.<\/p>\n","protected":false},"author":1,"featured_media":0,"parent":0,"menu_order":27,"comment_status":"closed","ping_status":"closed","template":"","meta":{"_acf_changed":false,"footnotes":""},"class_list":["post-57","page","type-page","status-publish","hentry"],"acf":[],"_links":{"self":[{"href":"https:\/\/piani.eu\/it\/wp-json\/wp\/v2\/pages\/57","targetHints":{"allow":["GET"]}}],"collection":[{"href":"https:\/\/piani.eu\/it\/wp-json\/wp\/v2\/pages"}],"about":[{"href":"https:\/\/piani.eu\/it\/wp-json\/wp\/v2\/types\/page"}],"author":[{"embeddable":true,"href":"https:\/\/piani.eu\/it\/wp-json\/wp\/v2\/users\/1"}],"replies":[{"embeddable":true,"href":"https:\/\/piani.eu\/it\/wp-json\/wp\/v2\/comments?post=57"}],"version-history":[{"count":109,"href":"https:\/\/piani.eu\/it\/wp-json\/wp\/v2\/pages\/57\/revisions"}],"predecessor-version":[{"id":56574,"href":"https:\/\/piani.eu\/it\/wp-json\/wp\/v2\/pages\/57\/revisions\/56574"}],"wp:attachment":[{"href":"https:\/\/piani.eu\/it\/wp-json\/wp\/v2\/media?parent=57"}],"curies":[{"name":"wp","href":"https:\/\/api.w.org\/{rel}","templated":true}]}}