{"id":3,"date":"2021-10-11T14:28:29","date_gmt":"2021-10-11T12:28:29","guid":{"rendered":"https:\/\/piani.eu\/new_site\/?page_id=3"},"modified":"2025-02-04T16:04:33","modified_gmt":"2025-02-04T15:04:33","slug":"privacy-policy","status":"publish","type":"page","link":"https:\/\/piani.eu\/it\/privacy-policy\/","title":{"rendered":"Privacy policy"},"content":{"rendered":"\n<h2 class=\"wp-block-heading\">Gentile Interessato,&nbsp;<\/h2>\n\n\n\n<p class=\"wp-block-paragraph\">di seguito Le forniamo alcune informazioni che \u00e8 necessario portare alla Sua conoscenza, non solo per ottemperare agli&nbsp; obblighi di legge, ma anche perch\u00e9 la trasparenza e la correttezza nei confronti degli interessati \u00e8 parte fondante della&nbsp; nostra attivit\u00e0.&nbsp;<\/p>\n\n\n\n<p class=\"wp-block-paragraph\">In ottemperanza degli obblighi derivanti dalla normativa nazionale (D. Lgs 30 giugno 2003 n. 196, Codice in materia di&nbsp; protezione dei dati personali, e successive modifiche) ed europea (Regolamento europeo per la protezione dei dati&nbsp; personali n. 679\/2016, GDPR), il presente sito rispetta e tutela la riservatezza dei visitatori e degli utenti, ponendo in&nbsp; essere ogni sforzo possibile e proporzionato per non ledere i diritti degli utenti.&nbsp;<\/p>\n\n\n\n<p class=\"wp-block-paragraph\">Tutti i contenuti, le immagini e le informazioni presenti all\u2019interno del nostro Sito sono protetti in applicazione della&nbsp; normativa sul diritto d\u2019autore, sui brevetti e sulla propriet\u00e0 intellettuale: ogni prodotto o societ\u00e0 menzionati in questo&nbsp; sito sono marchi dei rispettivi proprietari o titolari e possono essere protetti da brevetti e\/o copyright concessi o&nbsp; registrati dalle autorit\u00e0 preposte. Possono essere scaricati o utilizzati solo per uso personale e non commerciale: pertanto&nbsp; nulla, neppure in parte, potr\u00e0 essere copiato, modificato o rivenduto per fini di lucro o per trarne qualsivoglia utilit\u00e0.&nbsp;<\/p>\n\n\n\n<p class=\"wp-block-paragraph\"><strong>1) IDENTITA\u2019 E DATI DI CONTATTO DEL TITOLARE DEL TRATTAMENTO:&nbsp;<\/strong><\/p>\n\n\n\n<p class=\"wp-block-paragraph\">Il Titolare del Trattamento dei dati personali \u00e8 <strong>RIGISED SNC DI BASSO PIANI E POCOVAZ<\/strong>, con sede legale in&nbsp; Via Prato n. 10, Leproso &#8211; 33040 Premariacco (UD), C.F. e P.IVA 01695780302 (d\u2019ora in avanti \u201cTitolare del&nbsp; Trattamento\u201d o Societ\u00e0\u201d).&nbsp;<\/p>\n\n\n\n<p class=\"wp-block-paragraph\">Se desidera ricevere maggiori informazioni su come il Titolare tratta i Suoi dati personali, La invitiamo a scrivere una e mail al seguente indirizzo di posta elettronica: rigised@legalmail.it&nbsp;<\/p>\n\n\n\n<p class=\"wp-block-paragraph\"><strong>2) FINALITA\u2019 DEL TRATTAMENTO, DATI TRATTATI E BASI GIURIDICHE:&nbsp;<\/strong><\/p>\n\n\n\n<p class=\"wp-block-paragraph\">Il trattamento dei Dati Personali degli utenti del sito viene effettuato in Italia e condotto in conformit\u00e0 con la normativa&nbsp; Europea applicabile: Regolamento Europeo sulla Protezione dei Dati n. 2016\/679 (GDPR), che disciplina il trattamento&nbsp; dei dati personali effettuati da chiunque \u00e8 residente o ha sede in Unione Europea.&nbsp;<\/p>\n\n\n\n<p class=\"wp-block-paragraph\">Di seguito vengono fornite specifiche informazioni per il trattamento dei Suoi Dati Personali nel momento in cui Lei accede ed utilizza il Sito Web della Societ\u00e0:<\/p>\n\n\n\n<ul class=\"wp-block-list\">\n<li><strong>Finalit\u00e0<\/strong>: Attivit\u00e0 di marketing &#8211; invio\u00a0 Newsletter\n<ul class=\"wp-block-list\">\n<li><strong>Dati trattati<\/strong>: <strong>Dati comuni: <\/strong>Dati di contatto (e-mail).<\/li>\n\n\n\n<li><strong>Base Giuridica<\/strong>: Art. 6 co. 1 lett a) L&#8217;interessato deve esprimere il consenso al trattamento dei propri Dati personali per la specifica finalit\u00e0. BASE GIURIDICA: Normativa Europea GDPR e Normativa Nazionale in materia es. Codice del Consumo.<\/li>\n<\/ul>\n<\/li>\n\n\n\n<li><strong>Finalit\u00e0<\/strong>: Contatto col cliente tramite la compilazione dell\u2019apposito\u00a0 modulo di contatto presente\u00a0 online.\n<ul class=\"wp-block-list\">\n<li><strong>Dati trattati<\/strong>: <strong>Dati comuni: <\/strong>Indirizzo di posta\u00a0 elettronica; dati anagrafici (nome,\u00a0 cognome); ragione sociale dell&#8217;azienda\u00a0 di appartenenza.<\/li>\n\n\n\n<li><strong>Base Giuridica<\/strong>: Art. 6 co. 1, lett. b) GDPR, Il trattamento \u00e8 necessario all&#8217;esecuzione di un contratto di\u00a0 cui l&#8217;interessato \u00e8 parte o all&#8217;esecuzione di\u00a0 misure precontrattuali adottate su richiesta\u00a0 dello stesso.\u00a0BASE GIURIDICA: Norma Unione\u00a0 Europea (GDPR 2016\/679); Norme dello\u00a0 Stato membro es. Codice civile in materia\u00a0 fornitura di servizi.<\/li>\n<\/ul>\n<\/li>\n\n\n\n<li><strong>Finalit\u00e0<\/strong>: Gestione della registrazione\u00a0 con creazione dell\u2019account da\u00a0 parte dell&#8217;utente.\n<ul class=\"wp-block-list\">\n<li><strong>Dati trattati<\/strong>: <strong>Dati comuni: <\/strong>Indirizzo di posta&nbsp; elettronica; dati anagrafici (nome,&nbsp; cognome); ragione sociale dell&#8217;azienda&nbsp; di appartenenza.<\/li>\n\n\n\n<li><strong>Base Giuridica<\/strong>: Art. 6 co. 1, lett. b) GDPR, Il trattamento \u00e8 necessario all&#8217;esecuzione di un contratto di&nbsp; cui l&#8217;interessato \u00e8 parte o all&#8217;esecuzione di&nbsp; misure precontrattuali adottate su richiesta&nbsp; dello stesso.&nbsp;BASE GIURIDICA: Norma Unione&nbsp; Europea (GDPR 2016\/679); Norme dello&nbsp; Stato membro es. Codice civile in materia&nbsp; fornitura di servizi.<\/li>\n<\/ul>\n<\/li>\n\n\n\n<li><strong>Finalit\u00e0<\/strong>: Accertare la stabilit\u00e0, la sicurezza del sistema e\u00a0 garantire una connessione stabile e fluida al sito Web.\u00a0\n<ul class=\"wp-block-list\">\n<li><strong>Dati trattati<\/strong>: <strong>Dati comuni: <\/strong>data e ora di accesso;il browser usato per l\u2019accesso al sito\u00a0 Web e, se applicabile, il sistema operativo del device con il quale \u00e8 stato effettuato l&#8217;accesso ad Internet e il\u00a0 nome del provider di accesso, indirizzo\u00a0 IP del dispositivo utilizzato per\u00a0 l\u2019accesso ad Internet,\u00a0il sito Web dal quale \u00e8 stato effettuato\u00a0 l\u2019accesso.<\/li>\n\n\n\n<li><strong>Base Giuridica<\/strong>: Art. 6 co. 1, lett. b) GDPR, Il trattamento \u00e8 necessario all&#8217;esecuzione di un contratto di\u00a0 cui l&#8217;interessato \u00e8 parte o all&#8217;esecuzione di misure precontrattuali adottate su richiesta dello stesso.\u00a0Art. 6 co. 1, lett. f) GDPR, Legittimo\u00a0 interesse consistente nello svolgimento\u00a0 dell\u2019attivit\u00e0 di impresa da parte della\u00a0 Societ\u00e0.\u00a0BASE GIURIDICA: Norma Unione\u00a0 Europea (GDPR 2016\/679); Norme dello\u00a0 Stato membro es. Codice civile in materia\u00a0 fornitura di servizi.<\/li>\n<\/ul>\n<\/li>\n<\/ul>\n\n\n\n<p class=\"wp-block-paragraph\"><strong>3) PERIODO DI CONSERVAZIONE DEI DATI PERSONALI TRATTATI:&nbsp;<\/strong><\/p>\n\n\n\n<p class=\"wp-block-paragraph\">Il trattamento avr\u00e0 inizio nel momento della raccolta dei dati che verranno conservati dalla Societ\u00e0 per il tempo&nbsp; strettamente necessario per adempiere alle finalit\u00e0 sopra indicate. Pi\u00f9 nel dettaglio:&nbsp;<\/p>\n\n\n\n<p class=\"wp-block-paragraph\">&#8211; per le finalit\u00e0 indicate alla lettera a): il trattamento avr\u00e0 inizio nel momento della raccolta dei dati e questi verranno&nbsp; conservati per un periodo di tempo non superiore ai 2 anni dalla loro registrazione.&nbsp;<\/p>\n\n\n\n<p class=\"wp-block-paragraph\">&#8211; per le finalit\u00e0 indicate nelle lettere b) e c): il trattamento avr\u00e0 inizio nel momento della raccolta dei dati e saranno&nbsp; conservati sino a quando verr\u00e0 eliminato l&#8217;account. Successivamente, alcuni dati potrebbero essere conservati per&nbsp; un periodo non superiore a 10 anni (art. 2946 cc: i diritti si estinguono per prescrizione con il decorso di 10 anni \u2013 esercizio o difesa di un diritto).&nbsp;<\/p>\n\n\n\n<p class=\"wp-block-paragraph\">&#8211; per le finalit\u00e0 indicate alla lettera d) il trattamento avr\u00e0 inizio nel momento della raccolta dei dati e per quanto&nbsp; riguarda l\u2019 indirizzo IP questo verr\u00e0 conservato per un periodo non superiore a 30 giorni, i dati utilizzati a fini di&nbsp; sicurezza del sito (blocco tentativi di danneggiare il sito) sono conservati per 30 giorni e i dati per finalit\u00e0 di&nbsp; analytics (statistica) sono conservati in forma aggregata per 24 mesi. Tutti gli altri dati vengono conservati per un&nbsp; periodo non superiore a 31 giorni all\u2019interno dei file di registro. Successivamente ai periodi di conservazione&nbsp; indicati tali dati vengono automaticamente cancellati.&nbsp;<\/p>\n\n\n\n<p class=\"wp-block-paragraph\"><strong>4) DESTINATARI O CATEGORIE DI DESTINATARI DEI DATI PERSONALI:&nbsp;<\/strong><\/p>\n\n\n\n<p class=\"wp-block-paragraph\">I Suoi dati potranno essere inviati ai destinatari o alle categorie di destinatari di seguito indicati anche per fornirLe il&nbsp; prodotto e\/o servizio che ci ha richiesto:&nbsp;<\/p>\n\n\n\n<p class=\"wp-block-paragraph\">&#8211; consulenti collaboratori e ad altre societ\u00e0 subfornitrici di servizi.&nbsp;<\/p>\n\n\n\n<p class=\"wp-block-paragraph\">Evidenziamo, inoltre, che i Suoi dati personali potrebbero essere comunicati all\u2019interno della Societ\u00e0 e potrebbero essere portati a conoscenza dei dipendenti e\/o collaboratori (nominati per iscritto quali Responsabili del Trattamento ex\u00a0 art.4 GDPR o Soggetti Autorizzati ex art. 2 quaterdecies co. 2 D.Lgs 196\/2003).&nbsp;<\/p>\n\n\n\n<p class=\"wp-block-paragraph\">Per avere l\u2019elenco completo e puntuale dei Responsabili o dei Soggetti Autorizzati che trattano i dati, La invitiamo a&nbsp; contattare il Titolare del Trattamento ai recapiti sopra indicati.&nbsp;<\/p>\n\n\n\n<p class=\"wp-block-paragraph\">I dati non saranno comunicati, ceduti o, in altro modo, trasferiti ad altri soggetti terzi, senza che gli utenti non ne siano previamente informati e, con il loro consenso, quando ci\u00f2 sia richiesto dalla legge.&nbsp;<\/p>\n\n\n\n<p class=\"wp-block-paragraph\"><strong>5) COOKIE ED ALTRI SISTEMI DI TRACCIAMENTO:&nbsp;<\/strong><\/p>\n\n\n\n<p class=\"wp-block-paragraph\">Le segnaliamo che durante la Sua navigazione sulle pagine del suddetto Sito, la Societ\u00e0 potrebbe installare nel browser&nbsp; che sta utilizzando dei cosiddetti cookie tecnici, al fine di migliorare l\u2019esperienza utente, oltre a cookie analitici destinati&nbsp; a fornire al gestore del sito dati puramente statistici.&nbsp;<\/p>\n\n\n\n<p class=\"wp-block-paragraph\">Potrebbero essere utilizzati anche cookie di profilazione. Troverete ulteriori dettagli su questi cookie e sul relativo&nbsp; trattamento nella Cookie Policy del sito.&nbsp;<\/p>\n\n\n\n<p class=\"wp-block-paragraph\"><strong>6) TRASFERIMENTO DI DATI IN PAESI EXTRA UE:&nbsp;<\/strong><\/p>\n\n\n\n<p class=\"wp-block-paragraph\">I dati del Sito web possono essere messi a disposizione delle terze parti (Responsabili Esterni del trattamento o Soggetti\u00a0 autorizzati) nell\u2019ambito dell\u2019Unione Europea o in Paesi extra UE, regolarmente contrattualizzate e che offrono adeguate\u00a0garanzie di sicurezza, necessarie per la fornitura di servizi essenziali al soddisfacimento delle Sue esigenze. Tali&nbsp; Responsabili Esterni o il personale Autorizzato, possono appartenere a categorie di soggetti che supportano il Titolare&nbsp; nell\u2019erogazione dei servizi offerti tramite il presente sito (quali, a titolo esemplificativo: sviluppatori software e gestori&nbsp; di siti web). Qualora ci\u00f2 dovesse accadere, si fa presente che il trasferimento \u00e8 autorizzato in base a specifiche decisioni&nbsp; dell\u2019Unione Europea e del Garante per la tutela dei dati personali, per cui non occorre ulteriore consenso.&nbsp;<\/p>\n\n\n\n<p class=\"wp-block-paragraph\"><strong>7) OBBLIGO E CONSEGUENZA DELLA MANCATA COMUNICAZIONE DEI DATI PERSONALI: <\/strong>&#8211; per le finalit\u00e0 indicate nella lettera a), il conferimento dei Suoi dati personali \u00e8 facoltativo. Il rifiuto di comunicare&nbsp; i dati personali di cui sopra o la successiva revoca del consenso avr\u00e0 come conseguenza l\u2019impossibilit\u00e0 di ricevere&nbsp; aggiornamenti sulle attivit\u00e0 tramite newsletters.&nbsp;<\/p>\n\n\n\n<p class=\"wp-block-paragraph\">&#8211; per finalit\u00e0 indicate alle lettere b), c) e d), il conferimento dei Suoi dati personali \u00e8 obbligatorio. Il rifiuto di&nbsp; comunicare i dati personali di cui sopra o la successiva revoca del consenso avr\u00e0 come conseguenza l\u2019impossibilit\u00e0&nbsp; di concludere il contratto e di fruire dei servizi offerti.&nbsp;<\/p>\n\n\n\n<p class=\"wp-block-paragraph\"><strong>8) MISURE DI SICUREZZA:&nbsp;<\/strong><\/p>\n\n\n\n<p class=\"wp-block-paragraph\">Trattiamo i dati dei visitatori\/utenti in maniera lecita e corretta, adottando le opportune misure di sicurezza volte ad &nbsp;impedire accessi non autorizzati, divulgazione, modifica o distruzione non autorizzata dei dati. Ci impegniamo a &nbsp;tutelare la sicurezza dei dati personali durante il loro invio, utilizzando protocolli HTTPS, un&#8217;estensione di HTTP che &nbsp;collabora con un altro protocollo, Secure Sockets Layer (SSL), per trasmettere i dati in modo sicuro criptandone le &nbsp;informazioni in transito. Il trattamento viene effettuato mediante strumenti informatici e\/o telematici, con modalit\u00e0 &nbsp;organizzative e con logiche strettamente correlate alle finalit\u00e0 indicate.&nbsp;<\/p>\n\n\n\n<p class=\"wp-block-paragraph\"><strong>9) DIRITTI ESERCITABILI DALL\u2019INTERESSATO:&nbsp;<\/strong><\/p>\n\n\n\n<p class=\"wp-block-paragraph\">Per esercitare i seguenti diritti tu potrai, in qualsiasi momento, rivolgerti al Titolare del Trattamento che potr\u00e0 essere&nbsp; contattato utilizzando i dati sopra indicati nel paragrafo 1):&nbsp;<\/p>\n\n\n\n<p class=\"wp-block-paragraph\">&#8211; diritto di chiedere l\u2019accesso ai dati personali ex art. 15 GDPR;\u00a0&#8211; diritto di chiedere la rettifica dei dati personali ex art. 16 GDPR, ove non vi sia contrasto con la normativa vigente\u00a0 sulla conservazione dei dati e\/o con la necessit\u00e0 di esercitare il diritto di difesa in sede giudiziaria o stragiudiziale; &#8211; diritto di chiedere la cancellazione dei propri dati ex art. 17 GDPR, ove ci\u00f2 non contrasti con la normativa vigente\u00a0 sulla conservazione dei dati e\/o con la necessit\u00e0 di esercitare il diritto di difesa in sede giudiziaria o stragiudiziale; &#8211; diritto di chiedere la limitazione del Trattamento dei dati personali ex art. 18 GDPR;&nbsp;<\/p>\n\n\n\n<p class=\"wp-block-paragraph\">&#8211; diritto di opporsi al trattamento dei dati personali ex art. 21 GDPR;&nbsp;<\/p>\n\n\n\n<p class=\"wp-block-paragraph\">&#8211; diritto di ricevere in un formato di uso comune e leggibile i dati personali che La riguardano e diritto di trasmettere&nbsp; tali dati a un altro Titolare del trattamento senza impedimenti qualora vengano rispettate le condizioni di cui al co.&nbsp; 1 dell\u2019art. 20 GDPR;&nbsp;<\/p>\n\n\n\n<p class=\"wp-block-paragraph\">&#8211; diritto di revocare il consenso in qualsiasi momento qualora il criterio di liceit\u00e0 di tale trattamento sia basato sul&nbsp; consenso ex art. 6 co. 1 lett. a);&nbsp;<\/p>\n\n\n\n<p class=\"wp-block-paragraph\">&#8211; diritto di proporre reclamo al Garante per la Protezione dei dati personali ex art. 13 co.2 lett. d). Per conoscere i Suoi diritti ed essere sempre aggiornato sulla normativa in materia di tutela delle persone rispetto al&nbsp; trattamento dei dati personali, ti consigliamo di visitare anche il sito web del Garante per la protezione dei dati personali all&#8217;indirizzo http:\/\/www.garanteprivacy.it\/.&nbsp;<\/p>\n\n\n\n<p class=\"wp-block-paragraph\"><strong>10) LIMITAZIONI DI RESPONSABILIT\u00c0:&nbsp;<\/strong><\/p>\n\n\n\n<p class=\"wp-block-paragraph\">In nessun caso la Societ\u00e0 potr\u00e0 essere ritenuta responsabile dei danni di qualsiasi natura causati direttamente o&nbsp; indirettamente dall\u2019accesso ai Siti, dall\u2019incapacit\u00e0 o impossibilit\u00e0 di accedervi.&nbsp;&nbsp;<\/p>\n\n\n\n<p class=\"wp-block-paragraph\">La Societ\u00e0 si riserva il diritto di modificare i contenuti del sito in qualsiasi momento e senza alcun preavviso e non\u00a0 garantisce che il sito non subir\u00e0 mai interruzioni, o che non sar\u00e0 privo di errori, o che gli errori nel sito presenti nel sito\u00a0 web saranno corretti. La Societ\u00e0 provveder\u00e0 ad inserire nel sito informazioni aggiornate, ma non garantisce tuttavia la loro completezza e si impegner\u00e0 comunque, qualora ne venisse a conoscenza, a correggere tutti gli errori e\/o&nbsp; imperfezioni presenti. L\u2019utente accetta di essere vincolato a tali eventuali e future revisioni e s\u2019impegna, pertanto, a&nbsp; visitare periodicamente il sito per essere informato su eventuali variazioni.&nbsp;<\/p>\n\n\n\n<p class=\"wp-block-paragraph\">La Societ\u00e0 potr\u00e0 modificare o semplicemente aggiornare, in tutto o in parte, la Privacy Policy del Sito anche in&nbsp; considerazione della modifica delle norme di legge o di regolamento che regolano questa materia e proteggono i Suoi&nbsp; diritti. Le modifiche e gli aggiornamenti della Privacy Policy del Sito saranno notificati agli utenti nella Home page del&nbsp; Sito non appena adottati e saranno vincolanti non appena pubblicati sul sito web in questa stessa sezione.&nbsp;<\/p>\n","protected":false},"excerpt":{"rendered":"<p>Gentile Interessato,&nbsp; di seguito Le forniamo alcune informazioni che \u00e8 necessario portare alla Sua conoscenza, non solo per ottemperare agli&nbsp; obblighi di legge, ma anche perch\u00e9 la trasparenza e la correttezza nei confronti degli interessati \u00e8 parte fondante della&nbsp; nostra attivit\u00e0.&nbsp; In ottemperanza degli obblighi derivanti dalla normativa nazionale (D. Lgs 30 giugno 2003 n&#8230;.<\/p>\n","protected":false},"author":1,"featured_media":0,"parent":0,"menu_order":45,"comment_status":"closed","ping_status":"open","template":"","meta":{"_acf_changed":false,"footnotes":""},"class_list":["post-3","page","type-page","status-publish","hentry"],"acf":[],"_links":{"self":[{"href":"https:\/\/piani.eu\/it\/wp-json\/wp\/v2\/pages\/3","targetHints":{"allow":["GET"]}}],"collection":[{"href":"https:\/\/piani.eu\/it\/wp-json\/wp\/v2\/pages"}],"about":[{"href":"https:\/\/piani.eu\/it\/wp-json\/wp\/v2\/types\/page"}],"author":[{"embeddable":true,"href":"https:\/\/piani.eu\/it\/wp-json\/wp\/v2\/users\/1"}],"replies":[{"embeddable":true,"href":"https:\/\/piani.eu\/it\/wp-json\/wp\/v2\/comments?post=3"}],"version-history":[{"count":6,"href":"https:\/\/piani.eu\/it\/wp-json\/wp\/v2\/pages\/3\/revisions"}],"predecessor-version":[{"id":34727,"href":"https:\/\/piani.eu\/it\/wp-json\/wp\/v2\/pages\/3\/revisions\/34727"}],"wp:attachment":[{"href":"https:\/\/piani.eu\/it\/wp-json\/wp\/v2\/media?parent=3"}],"curies":[{"name":"wp","href":"https:\/\/api.w.org\/{rel}","templated":true}]}}